{"id":179,"date":"2024-07-13T20:11:04","date_gmt":"2024-07-13T18:11:04","guid":{"rendered":"https:\/\/web233.vm06.de\/?page_id=179"},"modified":"2024-10-10T11:05:12","modified_gmt":"2024-10-10T09:05:12","slug":"manuelle-therapie-in-munster-im-physiowerk","status":"publish","type":"page","link":"https:\/\/web233.vm06.de\/index.php\/physioterhapie\/manuelle-therapie-in-munster-im-physiowerk\/","title":{"rendered":"Manuelle Therapie in M\u00fcnster im physiowerk"},"content":{"rendered":"\t\t<div data-elementor-type=\"wp-page\" data-elementor-id=\"179\" class=\"elementor elementor-179\" data-elementor-post-type=\"page\">\n\t\t\t\t\t\t<section class=\"elementor-section elementor-top-section elementor-element elementor-element-7976d21 elementor-section-boxed elementor-section-height-default elementor-section-height-default\" data-id=\"7976d21\" data-element_type=\"section\" data-settings=\"{&quot;background_background&quot;:&quot;classic&quot;,&quot;shape_divider_bottom&quot;:&quot;waves&quot;,&quot;shape_divider_bottom_negative&quot;:&quot;yes&quot;}\">\n\t\t\t\t\t<div class=\"elementor-shape elementor-shape-bottom\" aria-hidden=\"true\" data-negative=\"true\">\n\t\t\t<svg xmlns=\"http:\/\/www.w3.org\/2000\/svg\" viewBox=\"0 0 1000 100\" preserveAspectRatio=\"none\">\n\t<path class=\"elementor-shape-fill\" d=\"M790.5,93.1c-59.3-5.3-116.8-18-192.6-50c-29.6-12.7-76.9-31-100.5-35.9c-23.6-4.9-52.6-7.8-75.5-5.3\n\tc-10.2,1.1-22.6,1.4-50.1,7.4c-27.2,6.3-58.2,16.6-79.4,24.7c-41.3,15.9-94.9,21.9-134,22.6C72,58.2,0,25.8,0,25.8V100h1000V65.3\n\tc0,0-51.5,19.4-106.2,25.7C839.5,97,814.1,95.2,790.5,93.1z\"\/>\n<\/svg>\t\t<\/div>\n\t\t\t\t\t<div class=\"elementor-container elementor-column-gap-default\">\n\t\t\t\t\t<div class=\"elementor-column elementor-col-100 elementor-top-column elementor-element elementor-element-f69ebee\" data-id=\"f69ebee\" data-element_type=\"column\">\n\t\t\t<div class=\"elementor-widget-wrap elementor-element-populated\">\n\t\t\t\t\t\t<div class=\"elementor-element elementor-element-3dbfd67 elementor-widget elementor-widget-heading\" data-id=\"3dbfd67\" data-element_type=\"widget\" data-widget_type=\"heading.default\">\n\t\t\t\t<div class=\"elementor-widget-container\">\n\t\t\t\t\t<h2 class=\"elementor-heading-title elementor-size-default\">Leistungen unserer Praxis <\/h2>\t\t\t\t<\/div>\n\t\t\t\t<\/div>\n\t\t\t\t<div class=\"elementor-element elementor-element-c16e36a elementor-widget elementor-widget-heading\" data-id=\"c16e36a\" data-element_type=\"widget\" data-widget_type=\"heading.default\">\n\t\t\t\t<div class=\"elementor-widget-container\">\n\t\t\t\t\t<h2 class=\"elementor-heading-title elementor-size-default\">Manuelle Therapie<\/h2>\t\t\t\t<\/div>\n\t\t\t\t<\/div>\n\t\t\t\t\t<\/div>\n\t\t<\/div>\n\t\t\t\t\t<\/div>\n\t\t<\/section>\n\t\t\t\t<section class=\"elementor-section elementor-top-section elementor-element elementor-element-1729157 elementor-section-boxed elementor-section-height-default elementor-section-height-default\" data-id=\"1729157\" data-element_type=\"section\">\n\t\t\t\t\t\t<div class=\"elementor-container elementor-column-gap-default\">\n\t\t\t\t\t<div class=\"elementor-column elementor-col-100 elementor-top-column elementor-element elementor-element-edf77f7\" data-id=\"edf77f7\" data-element_type=\"column\">\n\t\t\t<div class=\"elementor-widget-wrap elementor-element-populated\">\n\t\t\t\t\t\t<div class=\"elementor-element elementor-element-08f6bc5 elementor-widget elementor-widget-heading\" data-id=\"08f6bc5\" data-element_type=\"widget\" data-widget_type=\"heading.default\">\n\t\t\t\t<div class=\"elementor-widget-container\">\n\t\t\t\t\t<h2 class=\"elementor-heading-title elementor-size-default\">Manuelle Therapie in M\u00fcnster in unserer Praxis <\/h2>\t\t\t\t<\/div>\n\t\t\t\t<\/div>\n\t\t\t\t<div class=\"elementor-element elementor-element-13a5909 elementor-widget elementor-widget-heading\" data-id=\"13a5909\" data-element_type=\"widget\" data-widget_type=\"heading.default\">\n\t\t\t\t<div class=\"elementor-widget-container\">\n\t\t\t\t\t<h2 class=\"elementor-heading-title elementor-size-default\">Die Manuelle Therapie ist eine Untersuchungs- und Behandlungstechnik, die sich mit Funktionsst\u00f6rungen am Haltungs- und Bewegungsapparat befasst.<\/h2>\t\t\t\t<\/div>\n\t\t\t\t<\/div>\n\t\t\t\t<div class=\"elementor-element elementor-element-e248ee3 elementor-widget elementor-widget-text-editor\" data-id=\"e248ee3\" data-element_type=\"widget\" data-widget_type=\"text-editor.default\">\n\t\t\t\t<div class=\"elementor-widget-container\">\n\t\t\t\t\t\t\t\t\t<p><strong>Was ist Manuelle Therapie?<\/strong><\/p><p>Die Manuelle Therapie befasst sich mit Funktionsst\u00f6rungen am Haltungs- und Bewegungsapparat. Unsere speziell ausgebildeten Therapeuten nutzen passive, mobilisierende Techniken sowie aktive \u00dcbungen zur Stabilisation und Belastbarkeitserh\u00f6hung.<\/p><p><strong>Wie funktioniert die Therapie?<\/strong><\/p><p>Durch Kr\u00e4ftigung der gelenkumgebenden Muskulatur und Koordinationsschulung wird die Belastbarkeit von instabilen Gelenken gesteigert. Wir bieten Ihnen eine individuell auf Ihre Bed\u00fcrfnisse abgestimmte Therapie.<\/p>\t\t\t\t\t\t\t\t<\/div>\n\t\t\t\t<\/div>\n\t\t\t\t<div class=\"elementor-element elementor-element-3c19a62 elementor-widget elementor-widget-accordion\" data-id=\"3c19a62\" data-element_type=\"widget\" data-widget_type=\"accordion.default\">\n\t\t\t\t<div class=\"elementor-widget-container\">\n\t\t\t\t\t\t\t<div class=\"elementor-accordion\">\n\t\t\t\t\t\t\t<div class=\"elementor-accordion-item\">\n\t\t\t\t\t<div id=\"elementor-tab-title-6301\" class=\"elementor-tab-title\" data-tab=\"1\" role=\"button\" aria-controls=\"elementor-tab-content-6301\" aria-expanded=\"false\">\n\t\t\t\t\t\t\t\t\t\t\t\t\t<span class=\"elementor-accordion-icon elementor-accordion-icon-left\" aria-hidden=\"true\">\n\t\t\t\t\t\t\t\t\t\t\t\t\t\t\t<span class=\"elementor-accordion-icon-closed\"><svg class=\"e-font-icon-svg e-fas-plus\" viewBox=\"0 0 448 512\" xmlns=\"http:\/\/www.w3.org\/2000\/svg\"><path d=\"M416 208H272V64c0-17.67-14.33-32-32-32h-32c-17.67 0-32 14.33-32 32v144H32c-17.67 0-32 14.33-32 32v32c0 17.67 14.33 32 32 32h144v144c0 17.67 14.33 32 32 32h32c17.67 0 32-14.33 32-32V304h144c17.67 0 32-14.33 32-32v-32c0-17.67-14.33-32-32-32z\"><\/path><\/svg><\/span>\n\t\t\t\t\t\t\t\t<span class=\"elementor-accordion-icon-opened\"><svg class=\"e-font-icon-svg e-fas-minus\" viewBox=\"0 0 448 512\" xmlns=\"http:\/\/www.w3.org\/2000\/svg\"><path d=\"M416 208H32c-17.67 0-32 14.33-32 32v32c0 17.67 14.33 32 32 32h384c17.67 0 32-14.33 32-32v-32c0-17.67-14.33-32-32-32z\"><\/path><\/svg><\/span>\n\t\t\t\t\t\t\t\t\t\t\t\t\t\t<\/span>\n\t\t\t\t\t\t\t\t\t\t\t\t<a class=\"elementor-accordion-title\" tabindex=\"0\">Atlastherapie<\/a>\n\t\t\t\t\t<\/div>\n\t\t\t\t\t<div id=\"elementor-tab-content-6301\" class=\"elementor-tab-content elementor-clearfix\" data-tab=\"1\" role=\"region\" aria-labelledby=\"elementor-tab-title-6301\"><p><strong>Wichtiger Schl\u00fcsselpunkt: Der Atlas<\/strong><\/p><p>Der Atlas, der erste Wirbel unter dem Kopf, ist ein Schl\u00fcsselpunkt zwischen Zentralnervensystem und K\u00f6rper. Er bildet mit dem Kopf (Occiput) und Axis die Kopfgelenke. Fehlfunktionen im Bewegungsapparat oder Verdauungstrakt sowie neurologische Erkrankungen k\u00f6nnen durch eine Atlastherapie behandelt werden.<\/p><p><strong>Breites Behandlungsspektrum<\/strong><\/p><p>Kopfschmerzen, Migr\u00e4ne, Augenprobleme und H\u00f6rschw\u00e4che sind h\u00e4ufig behandelbare Indikationen. Beschwerden verschwinden oft schon nach einer Behandlung. Auch psychische Symptome wie M\u00fcdigkeit und depressive Verstimmungen k\u00f6nnen durch die Atlaskorrektur gelindert werden.<\/p><\/div>\n\t\t\t\t<\/div>\n\t\t\t\t\t\t\t<div class=\"elementor-accordion-item\">\n\t\t\t\t\t<div id=\"elementor-tab-title-6302\" class=\"elementor-tab-title\" data-tab=\"2\" role=\"button\" aria-controls=\"elementor-tab-content-6302\" aria-expanded=\"false\">\n\t\t\t\t\t\t\t\t\t\t\t\t\t<span class=\"elementor-accordion-icon elementor-accordion-icon-left\" aria-hidden=\"true\">\n\t\t\t\t\t\t\t\t\t\t\t\t\t\t\t<span class=\"elementor-accordion-icon-closed\"><svg class=\"e-font-icon-svg e-fas-plus\" viewBox=\"0 0 448 512\" xmlns=\"http:\/\/www.w3.org\/2000\/svg\"><path d=\"M416 208H272V64c0-17.67-14.33-32-32-32h-32c-17.67 0-32 14.33-32 32v144H32c-17.67 0-32 14.33-32 32v32c0 17.67 14.33 32 32 32h144v144c0 17.67 14.33 32 32 32h32c17.67 0 32-14.33 32-32V304h144c17.67 0 32-14.33 32-32v-32c0-17.67-14.33-32-32-32z\"><\/path><\/svg><\/span>\n\t\t\t\t\t\t\t\t<span class=\"elementor-accordion-icon-opened\"><svg class=\"e-font-icon-svg e-fas-minus\" viewBox=\"0 0 448 512\" xmlns=\"http:\/\/www.w3.org\/2000\/svg\"><path d=\"M416 208H32c-17.67 0-32 14.33-32 32v32c0 17.67 14.33 32 32 32h384c17.67 0 32-14.33 32-32v-32c0-17.67-14.33-32-32-32z\"><\/path><\/svg><\/span>\n\t\t\t\t\t\t\t\t\t\t\t\t\t\t<\/span>\n\t\t\t\t\t\t\t\t\t\t\t\t<a class=\"elementor-accordion-title\" tabindex=\"0\">Craniomandibul\u00e4re Dysfunktionen (CMD)<\/a>\n\t\t\t\t\t<\/div>\n\t\t\t\t\t<div id=\"elementor-tab-content-6302\" class=\"elementor-tab-content elementor-clearfix\" data-tab=\"2\" role=\"region\" aria-labelledby=\"elementor-tab-title-6302\"><p><strong>Was ist CMD?<\/strong><\/p><p>CMD ist ein \u00dcberbegriff f\u00fcr Funktionsst\u00f6rungen zwischen Sch\u00e4del (Cranium) und Unterkiefer (Mandibula). Unsere Physiotherapie zielt auf eine ganzheitliche Korrektur dieser Funktionsst\u00f6rungen ab.<\/p><p><strong>Symptome von CMD<\/strong><\/p><ul><li>Fehlfunktionen beim Kauen, Schlucken, Knirschen<\/li><li>Eingeschr\u00e4nkte Kieferbeweglichkeit<\/li><li>Kopfschmerzen, Schwindel, Tinnitus<\/li><\/ul><\/div>\n\t\t\t\t<\/div>\n\t\t\t\t\t\t\t<div class=\"elementor-accordion-item\">\n\t\t\t\t\t<div id=\"elementor-tab-title-6303\" class=\"elementor-tab-title\" data-tab=\"3\" role=\"button\" aria-controls=\"elementor-tab-content-6303\" aria-expanded=\"false\">\n\t\t\t\t\t\t\t\t\t\t\t\t\t<span class=\"elementor-accordion-icon elementor-accordion-icon-left\" aria-hidden=\"true\">\n\t\t\t\t\t\t\t\t\t\t\t\t\t\t\t<span class=\"elementor-accordion-icon-closed\"><svg class=\"e-font-icon-svg e-fas-plus\" viewBox=\"0 0 448 512\" xmlns=\"http:\/\/www.w3.org\/2000\/svg\"><path d=\"M416 208H272V64c0-17.67-14.33-32-32-32h-32c-17.67 0-32 14.33-32 32v144H32c-17.67 0-32 14.33-32 32v32c0 17.67 14.33 32 32 32h144v144c0 17.67 14.33 32 32 32h32c17.67 0 32-14.33 32-32V304h144c17.67 0 32-14.33 32-32v-32c0-17.67-14.33-32-32-32z\"><\/path><\/svg><\/span>\n\t\t\t\t\t\t\t\t<span class=\"elementor-accordion-icon-opened\"><svg class=\"e-font-icon-svg e-fas-minus\" viewBox=\"0 0 448 512\" xmlns=\"http:\/\/www.w3.org\/2000\/svg\"><path d=\"M416 208H32c-17.67 0-32 14.33-32 32v32c0 17.67 14.33 32 32 32h384c17.67 0 32-14.33 32-32v-32c0-17.67-14.33-32-32-32z\"><\/path><\/svg><\/span>\n\t\t\t\t\t\t\t\t\t\t\t\t\t\t<\/span>\n\t\t\t\t\t\t\t\t\t\t\t\t<a class=\"elementor-accordion-title\" tabindex=\"0\">Cyriax Therapie<\/a>\n\t\t\t\t\t<\/div>\n\t\t\t\t\t<div id=\"elementor-tab-content-6303\" class=\"elementor-tab-content elementor-clearfix\" data-tab=\"3\" role=\"region\" aria-labelledby=\"elementor-tab-title-6303\"><p><strong>Spezialtechnik f\u00fcr Weichteildiagnostik und -therapie<\/strong><\/p><p>Die Cyriax-Therapie fokussiert sich auf die Mobilisation von Weichteilstrukturen wie Muskulatur, Kapsel-\/Bandapparat und Faszien. Eine bekannte Mobilisationsform ist die Querfriktion (Deep Friction).<\/p><p><strong>Effektivit\u00e4t bei Verletzungen<\/strong><\/p><p>Diese spezielle Technik unterst\u00fctzt den physiologischen Heilungsverlauf bei akuten Verletzungen von Muskeln, Sehnen oder B\u00e4ndern.<\/p><\/div>\n\t\t\t\t<\/div>\n\t\t\t\t\t\t\t<div class=\"elementor-accordion-item\">\n\t\t\t\t\t<div id=\"elementor-tab-title-6304\" class=\"elementor-tab-title\" data-tab=\"4\" role=\"button\" aria-controls=\"elementor-tab-content-6304\" aria-expanded=\"false\">\n\t\t\t\t\t\t\t\t\t\t\t\t\t<span class=\"elementor-accordion-icon elementor-accordion-icon-left\" aria-hidden=\"true\">\n\t\t\t\t\t\t\t\t\t\t\t\t\t\t\t<span class=\"elementor-accordion-icon-closed\"><svg class=\"e-font-icon-svg e-fas-plus\" viewBox=\"0 0 448 512\" xmlns=\"http:\/\/www.w3.org\/2000\/svg\"><path d=\"M416 208H272V64c0-17.67-14.33-32-32-32h-32c-17.67 0-32 14.33-32 32v144H32c-17.67 0-32 14.33-32 32v32c0 17.67 14.33 32 32 32h144v144c0 17.67 14.33 32 32 32h32c17.67 0 32-14.33 32-32V304h144c17.67 0 32-14.33 32-32v-32c0-17.67-14.33-32-32-32z\"><\/path><\/svg><\/span>\n\t\t\t\t\t\t\t\t<span class=\"elementor-accordion-icon-opened\"><svg class=\"e-font-icon-svg e-fas-minus\" viewBox=\"0 0 448 512\" xmlns=\"http:\/\/www.w3.org\/2000\/svg\"><path d=\"M416 208H32c-17.67 0-32 14.33-32 32v32c0 17.67 14.33 32 32 32h384c17.67 0 32-14.33 32-32v-32c0-17.67-14.33-32-32-32z\"><\/path><\/svg><\/span>\n\t\t\t\t\t\t\t\t\t\t\t\t\t\t<\/span>\n\t\t\t\t\t\t\t\t\t\t\t\t<a class=\"elementor-accordion-title\" tabindex=\"0\">Faszientechniken<\/a>\n\t\t\t\t\t<\/div>\n\t\t\t\t\t<div id=\"elementor-tab-content-6304\" class=\"elementor-tab-content elementor-clearfix\" data-tab=\"4\" role=\"region\" aria-labelledby=\"elementor-tab-title-6304\"><div class=\"flex flex-grow flex-col max-w-full\"><div class=\"min-h-[20px] text-message flex flex-col items-start whitespace-pre-wrap break-words [.text-message+&amp;]:mt-5 juice:w-full juice:items-end overflow-x-auto gap-2\" dir=\"auto\" data-message-author-role=\"assistant\" data-message-id=\"14741304-e812-44f6-9e2f-e0ea67b9a351\"><div class=\"flex w-full flex-col gap-1 juice:empty:hidden juice:first:pt-[3px]\"><div class=\"markdown prose w-full break-words dark:prose-invert light\"><p><strong>Therapie f\u00fcr das Bindegewebe<\/strong><\/p><p>Die Faszientherapie konzentriert sich auf das Bindegewebe und Faszien der behandelten Struktur. Besonders bei akuten Verletzungen von Muskeln, Sehnen oder B\u00e4ndern kann diese Therapie im Rahmen der manuellen Therapie wirkungsvoll eingesetzt werden.<\/p><p><strong>F\u00f6rderung des Heilungsverlaufs<\/strong><\/p><p>Durch gezielte Techniken wird der Heilungsverlauf physiologisch unterst\u00fctzt und beschleunigt.<\/p><\/div><\/div><\/div><\/div><\/div>\n\t\t\t\t<\/div>\n\t\t\t\t\t\t\t\t<\/div>\n\t\t\t\t\t\t<\/div>\n\t\t\t\t<\/div>\n\t\t\t\t<div class=\"elementor-element elementor-element-60b47b1 elementor-widget elementor-widget-html\" data-id=\"60b47b1\" data-element_type=\"widget\" data-widget_type=\"html.default\">\n\t\t\t\t<div class=\"elementor-widget-container\">\n\t\t\t\t\t<script> \njQuery(document).ready(function($) { \nvar delay = 100; setTimeout(function() { \n$('.elementor-tab-title').removeClass('elementor-active');\n $('.elementor-tab-content').css('display', 'none'); }, delay); \n}); \n<\/script>\t\t\t\t<\/div>\n\t\t\t\t<\/div>\n\t\t\t\t<div class=\"elementor-element elementor-element-73d0f53 elementor-widget elementor-widget-image\" data-id=\"73d0f53\" data-element_type=\"widget\" data-widget_type=\"image.default\">\n\t\t\t\t<div class=\"elementor-widget-container\">\n\t\t\t\t\t\t\t\t\t\t\t\t\t\t\t<img decoding=\"async\" width=\"100\" height=\"100\" src=\"https:\/\/web233.vm06.de\/wp-content\/uploads\/2024\/07\/physiowerk-favicon.svg\" class=\"attachment-large size-large wp-image-37\" alt=\"\" \/>\t\t\t\t\t\t\t\t\t\t\t\t\t\t\t<\/div>\n\t\t\t\t<\/div>\n\t\t\t\t<div class=\"elementor-element elementor-element-2859e64 elementor-widget elementor-widget-heading\" data-id=\"2859e64\" data-element_type=\"widget\" data-widget_type=\"heading.default\">\n\t\t\t\t<div class=\"elementor-widget-container\">\n\t\t\t\t\t<h2 class=\"elementor-heading-title elementor-size-default\">Kontaktiere uns f\u00fcr deine ma\u00dfgeschneiderte Therapie!<\/h2>\t\t\t\t<\/div>\n\t\t\t\t<\/div>\n\t\t\t\t<div class=\"elementor-element elementor-element-298d4fd elementor-widget elementor-widget-text-editor\" data-id=\"298d4fd\" data-element_type=\"widget\" data-widget_type=\"text-editor.default\">\n\t\t\t\t<div class=\"elementor-widget-container\">\n\t\t\t\t\t\t\t\t\t<p>Durch gezielte physiotherapeutische Ma\u00dfnahmen unterst\u00fctzen wir dich dabei, deine Lebensqualit\u00e4t nachhaltig zu steigern und deinen K\u00f6rper wieder ins Gleichgewicht zu bringen.<\/p>\t\t\t\t\t\t\t\t<\/div>\n\t\t\t\t<\/div>\n\t\t\t\t<div class=\"elementor-element elementor-element-417e2e4 elementor-align-center elementor-widget elementor-widget-button\" data-id=\"417e2e4\" data-element_type=\"widget\" data-widget_type=\"button.default\">\n\t\t\t\t<div class=\"elementor-widget-container\">\n\t\t\t\t\t\t\t\t\t<div class=\"elementor-button-wrapper\">\n\t\t\t\t\t<a class=\"elementor-button elementor-button-link elementor-size-sm\" href=\"mailto:info@physiowerk.ms\">\n\t\t\t\t\t\t<span class=\"elementor-button-content-wrapper\">\n\t\t\t\t\t\t\t\t\t<span class=\"elementor-button-text\">Vereinbare noch heute deinen ersten Termin!<\/span>\n\t\t\t\t\t<\/span>\n\t\t\t\t\t<\/a>\n\t\t\t\t<\/div>\n\t\t\t\t\t\t\t\t<\/div>\n\t\t\t\t<\/div>\n\t\t\t\t\t<\/div>\n\t\t<\/div>\n\t\t\t\t\t<\/div>\n\t\t<\/section>\n\t\t\t\t<\/div>\n\t\t","protected":false},"excerpt":{"rendered":"<p>Leistungen unserer Praxis Manuelle Therapie Manuelle Therapie in M\u00fcnster in unserer Praxis Die Manuelle Therapie ist eine Untersuchungs- und Behandlungstechnik, die sich mit Funktionsst\u00f6rungen am Haltungs- und Bewegungsapparat befasst. Was ist Manuelle Therapie? Die Manuelle Therapie befasst sich mit Funktionsst\u00f6rungen am Haltungs- und Bewegungsapparat. Unsere speziell ausgebildeten Therapeuten nutzen passive, mobilisierende Techniken sowie aktive \u00dcbungen [&hellip;]<\/p>\n","protected":false},"author":3,"featured_media":0,"parent":167,"menu_order":0,"comment_status":"closed","ping_status":"closed","template":"","meta":{"footnotes":""},"class_list":["post-179","page","type-page","status-publish","hentry"],"yoast_head":"<!-- This site is optimized with the Yoast SEO plugin v25.5 - https:\/\/yoast.com\/wordpress\/plugins\/seo\/ -->\n<title>Manuelle Therapie in M\u00fcnster im physiowerk - Physiotherapie M\u00fcnster \u2013 physiowerk<\/title>\n<meta name=\"robots\" content=\"index, follow, max-snippet:-1, max-image-preview:large, max-video-preview:-1\" \/>\n<link rel=\"canonical\" href=\"https:\/\/web233.vm06.de\/index.php\/physioterhapie\/manuelle-therapie-in-munster-im-physiowerk\/\" \/>\n<meta property=\"og:locale\" content=\"de_DE\" \/>\n<meta property=\"og:type\" content=\"article\" \/>\n<meta property=\"og:title\" content=\"Manuelle Therapie in M\u00fcnster im physiowerk - Physiotherapie M\u00fcnster \u2013 physiowerk\" \/>\n<meta property=\"og:description\" content=\"Leistungen unserer Praxis Manuelle Therapie Manuelle Therapie in M\u00fcnster in unserer Praxis Die Manuelle Therapie ist eine Untersuchungs- und Behandlungstechnik, die sich mit Funktionsst\u00f6rungen am Haltungs- und Bewegungsapparat befasst. Was ist Manuelle Therapie? Die Manuelle Therapie befasst sich mit Funktionsst\u00f6rungen am Haltungs- und Bewegungsapparat. Unsere speziell ausgebildeten Therapeuten nutzen passive, mobilisierende Techniken sowie aktive \u00dcbungen [&hellip;]\" \/>\n<meta property=\"og:url\" content=\"https:\/\/web233.vm06.de\/index.php\/physioterhapie\/manuelle-therapie-in-munster-im-physiowerk\/\" \/>\n<meta property=\"og:site_name\" content=\"Physiotherapie M\u00fcnster \u2013 physiowerk\" \/>\n<meta property=\"article:modified_time\" content=\"2024-10-10T09:05:12+00:00\" \/>\n<meta property=\"og:image\" content=\"https:\/\/web233.vm06.de\/wp-content\/uploads\/2024\/07\/physiowerk-favicon.svg\" \/>\n<meta name=\"twitter:card\" content=\"summary_large_image\" \/>\n<meta name=\"twitter:label1\" content=\"Gesch\u00e4tzte Lesezeit\" \/>\n\t<meta name=\"twitter:data1\" content=\"3\u00a0Minuten\" \/>\n<script type=\"application\/ld+json\" class=\"yoast-schema-graph\">{\"@context\":\"https:\/\/schema.org\",\"@graph\":[{\"@type\":\"WebPage\",\"@id\":\"https:\/\/web233.vm06.de\/index.php\/physioterhapie\/manuelle-therapie-in-munster-im-physiowerk\/\",\"url\":\"https:\/\/web233.vm06.de\/index.php\/physioterhapie\/manuelle-therapie-in-munster-im-physiowerk\/\",\"name\":\"Manuelle Therapie in M\u00fcnster im physiowerk - Physiotherapie M\u00fcnster \u2013 physiowerk\",\"isPartOf\":{\"@id\":\"https:\/\/web233.vm06.de\/#website\"},\"primaryImageOfPage\":{\"@id\":\"https:\/\/web233.vm06.de\/index.php\/physioterhapie\/manuelle-therapie-in-munster-im-physiowerk\/#primaryimage\"},\"image\":{\"@id\":\"https:\/\/web233.vm06.de\/index.php\/physioterhapie\/manuelle-therapie-in-munster-im-physiowerk\/#primaryimage\"},\"thumbnailUrl\":\"https:\/\/web233.vm06.de\/wp-content\/uploads\/2024\/07\/physiowerk-favicon.svg\",\"datePublished\":\"2024-07-13T18:11:04+00:00\",\"dateModified\":\"2024-10-10T09:05:12+00:00\",\"breadcrumb\":{\"@id\":\"https:\/\/web233.vm06.de\/index.php\/physioterhapie\/manuelle-therapie-in-munster-im-physiowerk\/#breadcrumb\"},\"inLanguage\":\"de\",\"potentialAction\":[{\"@type\":\"ReadAction\",\"target\":[\"https:\/\/web233.vm06.de\/index.php\/physioterhapie\/manuelle-therapie-in-munster-im-physiowerk\/\"]}]},{\"@type\":\"ImageObject\",\"inLanguage\":\"de\",\"@id\":\"https:\/\/web233.vm06.de\/index.php\/physioterhapie\/manuelle-therapie-in-munster-im-physiowerk\/#primaryimage\",\"url\":\"https:\/\/web233.vm06.de\/wp-content\/uploads\/2024\/07\/physiowerk-favicon.svg\",\"contentUrl\":\"https:\/\/web233.vm06.de\/wp-content\/uploads\/2024\/07\/physiowerk-favicon.svg\",\"width\":100,\"height\":100},{\"@type\":\"BreadcrumbList\",\"@id\":\"https:\/\/web233.vm06.de\/index.php\/physioterhapie\/manuelle-therapie-in-munster-im-physiowerk\/#breadcrumb\",\"itemListElement\":[{\"@type\":\"ListItem\",\"position\":1,\"name\":\"Startseite\",\"item\":\"https:\/\/web233.vm06.de\/\"},{\"@type\":\"ListItem\",\"position\":2,\"name\":\"Physiotherapie in M\u00fcnster \u2013\u00a0unsere Leistungen im physiowerk\",\"item\":\"https:\/\/web233.vm06.de\/index.php\/physioterhapie\/\"},{\"@type\":\"ListItem\",\"position\":3,\"name\":\"Manuelle Therapie in M\u00fcnster im physiowerk\"}]},{\"@type\":\"WebSite\",\"@id\":\"https:\/\/web233.vm06.de\/#website\",\"url\":\"https:\/\/web233.vm06.de\/\",\"name\":\"Physiotherapie M\u00fcnster \u2013 physiowerk\",\"description\":\"Praxis f\u00fcr Physiotherapie in M\u00fcnster\",\"publisher\":{\"@id\":\"https:\/\/web233.vm06.de\/#organization\"},\"potentialAction\":[{\"@type\":\"SearchAction\",\"target\":{\"@type\":\"EntryPoint\",\"urlTemplate\":\"https:\/\/web233.vm06.de\/?s={search_term_string}\"},\"query-input\":{\"@type\":\"PropertyValueSpecification\",\"valueRequired\":true,\"valueName\":\"search_term_string\"}}],\"inLanguage\":\"de\"},{\"@type\":\"Organization\",\"@id\":\"https:\/\/web233.vm06.de\/#organization\",\"name\":\"Physiotherapie M\u00fcnster \u2013 physiowerk\",\"url\":\"https:\/\/web233.vm06.de\/\",\"logo\":{\"@type\":\"ImageObject\",\"inLanguage\":\"de\",\"@id\":\"https:\/\/web233.vm06.de\/#\/schema\/logo\/image\/\",\"url\":\"https:\/\/web233.vm06.de\/wp-content\/uploads\/2024\/07\/physiowerk-muenster.svg\",\"contentUrl\":\"https:\/\/web233.vm06.de\/wp-content\/uploads\/2024\/07\/physiowerk-muenster.svg\",\"width\":283,\"height\":81,\"caption\":\"Physiotherapie M\u00fcnster \u2013 physiowerk\"},\"image\":{\"@id\":\"https:\/\/web233.vm06.de\/#\/schema\/logo\/image\/\"}}]}<\/script>\n<!-- \/ Yoast SEO plugin. -->","yoast_head_json":{"title":"Manuelle Therapie in M\u00fcnster im physiowerk - Physiotherapie M\u00fcnster \u2013 physiowerk","robots":{"index":"index","follow":"follow","max-snippet":"max-snippet:-1","max-image-preview":"max-image-preview:large","max-video-preview":"max-video-preview:-1"},"canonical":"https:\/\/web233.vm06.de\/index.php\/physioterhapie\/manuelle-therapie-in-munster-im-physiowerk\/","og_locale":"de_DE","og_type":"article","og_title":"Manuelle Therapie in M\u00fcnster im physiowerk - Physiotherapie M\u00fcnster \u2013 physiowerk","og_description":"Leistungen unserer Praxis Manuelle Therapie Manuelle Therapie in M\u00fcnster in unserer Praxis Die Manuelle Therapie ist eine Untersuchungs- und Behandlungstechnik, die sich mit Funktionsst\u00f6rungen am Haltungs- und Bewegungsapparat befasst. Was ist Manuelle Therapie? Die Manuelle Therapie befasst sich mit Funktionsst\u00f6rungen am Haltungs- und Bewegungsapparat. Unsere speziell ausgebildeten Therapeuten nutzen passive, mobilisierende Techniken sowie aktive \u00dcbungen [&hellip;]","og_url":"https:\/\/web233.vm06.de\/index.php\/physioterhapie\/manuelle-therapie-in-munster-im-physiowerk\/","og_site_name":"Physiotherapie M\u00fcnster \u2013 physiowerk","article_modified_time":"2024-10-10T09:05:12+00:00","og_image":[{"url":"https:\/\/web233.vm06.de\/wp-content\/uploads\/2024\/07\/physiowerk-favicon.svg","type":"","width":"","height":""}],"twitter_card":"summary_large_image","twitter_misc":{"Gesch\u00e4tzte Lesezeit":"3\u00a0Minuten"},"schema":{"@context":"https:\/\/schema.org","@graph":[{"@type":"WebPage","@id":"https:\/\/web233.vm06.de\/index.php\/physioterhapie\/manuelle-therapie-in-munster-im-physiowerk\/","url":"https:\/\/web233.vm06.de\/index.php\/physioterhapie\/manuelle-therapie-in-munster-im-physiowerk\/","name":"Manuelle Therapie in M\u00fcnster im physiowerk - Physiotherapie M\u00fcnster \u2013 physiowerk","isPartOf":{"@id":"https:\/\/web233.vm06.de\/#website"},"primaryImageOfPage":{"@id":"https:\/\/web233.vm06.de\/index.php\/physioterhapie\/manuelle-therapie-in-munster-im-physiowerk\/#primaryimage"},"image":{"@id":"https:\/\/web233.vm06.de\/index.php\/physioterhapie\/manuelle-therapie-in-munster-im-physiowerk\/#primaryimage"},"thumbnailUrl":"https:\/\/web233.vm06.de\/wp-content\/uploads\/2024\/07\/physiowerk-favicon.svg","datePublished":"2024-07-13T18:11:04+00:00","dateModified":"2024-10-10T09:05:12+00:00","breadcrumb":{"@id":"https:\/\/web233.vm06.de\/index.php\/physioterhapie\/manuelle-therapie-in-munster-im-physiowerk\/#breadcrumb"},"inLanguage":"de","potentialAction":[{"@type":"ReadAction","target":["https:\/\/web233.vm06.de\/index.php\/physioterhapie\/manuelle-therapie-in-munster-im-physiowerk\/"]}]},{"@type":"ImageObject","inLanguage":"de","@id":"https:\/\/web233.vm06.de\/index.php\/physioterhapie\/manuelle-therapie-in-munster-im-physiowerk\/#primaryimage","url":"https:\/\/web233.vm06.de\/wp-content\/uploads\/2024\/07\/physiowerk-favicon.svg","contentUrl":"https:\/\/web233.vm06.de\/wp-content\/uploads\/2024\/07\/physiowerk-favicon.svg","width":100,"height":100},{"@type":"BreadcrumbList","@id":"https:\/\/web233.vm06.de\/index.php\/physioterhapie\/manuelle-therapie-in-munster-im-physiowerk\/#breadcrumb","itemListElement":[{"@type":"ListItem","position":1,"name":"Startseite","item":"https:\/\/web233.vm06.de\/"},{"@type":"ListItem","position":2,"name":"Physiotherapie in M\u00fcnster \u2013\u00a0unsere Leistungen im physiowerk","item":"https:\/\/web233.vm06.de\/index.php\/physioterhapie\/"},{"@type":"ListItem","position":3,"name":"Manuelle Therapie in M\u00fcnster im physiowerk"}]},{"@type":"WebSite","@id":"https:\/\/web233.vm06.de\/#website","url":"https:\/\/web233.vm06.de\/","name":"Physiotherapie M\u00fcnster \u2013 physiowerk","description":"Praxis f\u00fcr Physiotherapie in M\u00fcnster","publisher":{"@id":"https:\/\/web233.vm06.de\/#organization"},"potentialAction":[{"@type":"SearchAction","target":{"@type":"EntryPoint","urlTemplate":"https:\/\/web233.vm06.de\/?s={search_term_string}"},"query-input":{"@type":"PropertyValueSpecification","valueRequired":true,"valueName":"search_term_string"}}],"inLanguage":"de"},{"@type":"Organization","@id":"https:\/\/web233.vm06.de\/#organization","name":"Physiotherapie M\u00fcnster \u2013 physiowerk","url":"https:\/\/web233.vm06.de\/","logo":{"@type":"ImageObject","inLanguage":"de","@id":"https:\/\/web233.vm06.de\/#\/schema\/logo\/image\/","url":"https:\/\/web233.vm06.de\/wp-content\/uploads\/2024\/07\/physiowerk-muenster.svg","contentUrl":"https:\/\/web233.vm06.de\/wp-content\/uploads\/2024\/07\/physiowerk-muenster.svg","width":283,"height":81,"caption":"Physiotherapie M\u00fcnster \u2013 physiowerk"},"image":{"@id":"https:\/\/web233.vm06.de\/#\/schema\/logo\/image\/"}}]}},"_links":{"self":[{"href":"https:\/\/web233.vm06.de\/index.php\/wp-json\/wp\/v2\/pages\/179","targetHints":{"allow":["GET"]}}],"collection":[{"href":"https:\/\/web233.vm06.de\/index.php\/wp-json\/wp\/v2\/pages"}],"about":[{"href":"https:\/\/web233.vm06.de\/index.php\/wp-json\/wp\/v2\/types\/page"}],"author":[{"embeddable":true,"href":"https:\/\/web233.vm06.de\/index.php\/wp-json\/wp\/v2\/users\/3"}],"replies":[{"embeddable":true,"href":"https:\/\/web233.vm06.de\/index.php\/wp-json\/wp\/v2\/comments?post=179"}],"version-history":[{"count":48,"href":"https:\/\/web233.vm06.de\/index.php\/wp-json\/wp\/v2\/pages\/179\/revisions"}],"predecessor-version":[{"id":777,"href":"https:\/\/web233.vm06.de\/index.php\/wp-json\/wp\/v2\/pages\/179\/revisions\/777"}],"up":[{"embeddable":true,"href":"https:\/\/web233.vm06.de\/index.php\/wp-json\/wp\/v2\/pages\/167"}],"wp:attachment":[{"href":"https:\/\/web233.vm06.de\/index.php\/wp-json\/wp\/v2\/media?parent=179"}],"curies":[{"name":"wp","href":"https:\/\/api.w.org\/{rel}","templated":true}]}}